{"id":81,"date":"2022-09-27T19:29:01","date_gmt":"2022-09-27T19:29:01","guid":{"rendered":"https:\/\/lalibre.net\/?page_id=81"},"modified":"2023-05-13T15:45:03","modified_gmt":"2023-05-13T15:45:03","slug":"terminos-del-servicio","status":"publish","type":"page","link":"https:\/\/lalibre.net\/pt\/terminos-del-servicio\/","title":{"rendered":"T\u00c9RMINOS Y CONDICIONES"},"content":{"rendered":"<div data-elementor-type=\"wp-page\" data-elementor-id=\"81\" class=\"elementor elementor-81\" wpc-filter-elementor-widget=\"1\" data-elementor-post-type=\"page\">\n\t\t\t\t\t\t<section class=\"elementor-section elementor-top-section elementor-element elementor-element-1beaa7a elementor-section-boxed elementor-section-height-default elementor-section-height-default\" data-id=\"1beaa7a\" data-element_type=\"section\" data-e-type=\"section\">\n\t\t\t\t\t\t<div class=\"elementor-container elementor-column-gap-default\">\n\t\t\t\t\t<div class=\"elementor-column elementor-col-100 elementor-top-column elementor-element elementor-element-834cb1f\" data-id=\"834cb1f\" data-element_type=\"column\" data-e-type=\"column\">\n\t\t\t<div class=\"elementor-widget-wrap elementor-element-populated\">\n\t\t\t\t\t\t<div class=\"elementor-element elementor-element-23d012a elementor-widget elementor-widget-heading\" data-id=\"23d012a\" data-element_type=\"widget\" data-e-type=\"widget\" data-widget_type=\"heading.default\">\n\t\t\t\t<div class=\"elementor-widget-container\">\n\t\t\t\t\t<h2 class=\"elementor-heading-title elementor-size-default\">Condiciones generales de contrataci\u00f3n de los servicios<\/h2>\t\t\t\t<\/div>\n\t\t\t\t<\/div>\n\t\t\t\t<div class=\"elementor-element elementor-element-060a92c elementor-widget elementor-widget-heading\" data-id=\"060a92c\" data-element_type=\"widget\" data-e-type=\"widget\" data-widget_type=\"heading.default\">\n\t\t\t\t<div class=\"elementor-widget-container\">\n\t\t\t\t\t<h2 class=\"elementor-heading-title elementor-size-default\">LaLibre Tecnolog\u00edas Comunitarias<\/h2>\t\t\t\t<\/div>\n\t\t\t\t<\/div>\n\t\t\t\t<div class=\"elementor-element elementor-element-ef23812 elementor-widget elementor-widget-text-editor\" data-id=\"ef23812\" data-element_type=\"widget\" data-e-type=\"widget\" data-widget_type=\"text-editor.default\">\n\t\t\t\t<div class=\"elementor-widget-container\">\n\t\t\t\t\t\t\t\t\t<p><i>Versi\u00f3n del 15\/12\/2021<\/i><\/p><p align=\"justify\">El siguiente acuerdo regula las condiciones del contrato de prestaci\u00f3n de servicios que se pueden contratar en la web o por otros medios a LaLibre Tecnolog\u00edas Comunitarias y cualquier persona f\u00edsica o jur\u00eddica, particular o profesional (en adelante denominada el CLIENTE) que desee contratar uno o varios de los servicios prestados por LaLibre Tecnolog\u00edas Comunitarias.<\/p>\t\t\t\t\t\t\t\t<\/div>\n\t\t\t\t<\/div>\n\t\t\t\t<div class=\"elementor-element elementor-element-209d400 elementor-widget elementor-widget-eael-feature-list\" data-id=\"209d400\" data-element_type=\"widget\" data-e-type=\"widget\" data-widget_type=\"eael-feature-list.default\">\n\t\t\t\t<div class=\"elementor-widget-container\">\n\t\t\t\t\t\t\t<div class=\"-icon-position-left -tablet-icon-position-left -mobile-icon-position-left\">\n\t\t\t<ul id=\"eael-feature-list-209d400\" class=\"eael-feature-list-items circle stacked  eael-feature-list-vertical\" data-layout-tablet=\"vertical\" data-layout-mobile=\"vertical\">\n\t\t\t                <li class=\"eael-feature-list-item elementor-repeater-item-d8f3068\">\n                    \n\t\t\t\t\t\t<div class=\"eael-feature-list-icon-box\">\n\t\t\t\t\t\t\t<div class=\"eael-feature-list-icon-inner\">\n\n\t\t\t\t\t\t\t\t<span class=\"eael-feature-list-icon fl-icon-0\">\n\n\t\t<i aria-hidden=\"true\" class=\"fas fa-check\"><\/i>\t\t\t\t\t\t\t\t<\/span>\n\t\t\t\t\t\t\t<\/div>\n\t\t\t\t\t\t<\/div>\n\t\t\t\t\t\t<div class=\"eael-feature-list-content-box\">\n                            <h2 class=\"eael-feature-list-title\">CL\u00c1USULA 1: OBJETO<\/h2>\t\t\t\t\t\t<p class=\"eael-feature-list-content\">El presente contrato tiene por objeto definir las condiciones jur\u00eddicas, t\u00e9cnicas y econ\u00f3micas que regulan los contratos de prestaci\u00f3n de servicios entre LaLibre Tecnolog\u00edas Comunitarias y el CLIENTE.\n\nLas presentes condiciones generales de servicio se aplican a todos los servicios ofrecidos por LaLibre Tecnolog\u00edas Comunitarias y contratados por el CLIENTE.\n\nLos servicios contemplados se distinguen en:\n\nHosting compartido\n\nHosting dedicado virtual (VPS y VDS)\n\nServicio de correo\n\nStreaming de audio\n\nServicios de c\u00f3mputo y bases de datos.\n\nDURACI\u00d3N\n\nLa duraci\u00f3n del contrato var\u00eda en funci\u00f3n del servicio elegido por el cliente y se renueva autom\u00e1ticamente bajo las mismas condiciones a cada pago que el CLIENTE efect\u00faa para renovar el servicio.\n\nTARIFAS\n\nAlgunas de las tarifas generales se encuentran disponibles en la web https:\/\/lalibre.net\n\nEl CLIENTE y LaLibre Tecnolog\u00edas Comunitarias pueden pactar puntualmente tarifas para servicios especiales que no aparezcan entre los ofrecidos por LaLibre Tecnolog\u00edas Comunitarias en la p\u00e1gina web.\n\nLaLibre Tecnolog\u00edas Comunitarias podr\u00e1 actualizar las tarifas en cualquier momento. Las modificaciones de las tarifas no podr\u00e1n tener car\u00e1cter retroactivo y ser\u00e1n aplicables solo a partir de la primera renovaci\u00f3n del contrato. LaLibre Tecnolog\u00edas Comunitarias tiene la obligaci\u00f3n de notificar al CLIENTE cambios en las tarifas, y el CLIENTE tiene la potestad de aceptarlas o renunciar al servicio.<\/p>\n\t\t\t\t\t\t<\/div>\n\n\t\t\t\t\t<\/li>\n\t\t\t\t                <li class=\"eael-feature-list-item elementor-repeater-item-db661c4\">\n                    \n\t\t\t\t\t\t<div class=\"eael-feature-list-icon-box\">\n\t\t\t\t\t\t\t<div class=\"eael-feature-list-icon-inner\">\n\n\t\t\t\t\t\t\t\t<span class=\"eael-feature-list-icon fl-icon-1\">\n\n\t\t<i aria-hidden=\"true\" class=\"fas fa-check\"><\/i>\t\t\t\t\t\t\t\t<\/span>\n\t\t\t\t\t\t\t<\/div>\n\t\t\t\t\t\t<\/div>\n\t\t\t\t\t\t<div class=\"eael-feature-list-content-box\">\n                            <h2 class=\"eael-feature-list-title\">CL\u00c1USULA 2: OBLIGACIONES DE LaLibre Tecnolog\u00edas Comunitarias<\/h2>\t\t\t\t\t\t<p class=\"eael-feature-list-content\">LaLibre Tecnolog\u00edas Comunitarias se compromete a poner a disposici\u00f3n del CLIENTE los servicios contratados en el menor tiempo posible. Se estima que este tiempo sea de 1 hora a 96 horas desde el pago efectivo de la orden de pedido por parte del CLIENTE.\n\nSi LaLibre Tecnolog\u00edas Comunitarias no ha puesto a disposici\u00f3n del cliente el servicio en un plazo m\u00e1ximo de 96 horas, el CLIENTE tendr\u00e1 derecho a rescindir el contrato y al reembolso \u00edntegro de la suma pagada.\n\nEl CLIENTE recibir\u00e1 toda la informaci\u00f3n t\u00e9cnica necesaria para el acceso al servicio contratado.\n\nLaLibre Tecnolog\u00edas Comunitarias se ver\u00e1 obligada a suspender el servicio contratado cuando sea instada por un organismo judicial que se lo solicite formalmente.\n\nLaLibre Tecnolog\u00edas Comunitarias pone a disposici\u00f3n del CLIENTE un conjunto de informaci\u00f3n t\u00e9cnica y gu\u00edas para facilitar el uso de las herramientas, as\u00ed como un contacto de soporte t\u00e9cnico*.\n\nLaLibre Tecnolog\u00edas Comunitarias tiene la obligaci\u00f3n de notificar al CLIENTE cualquier modificaci\u00f3n de las condiciones generales del servicio. El CLIENTE tiene la facultad de rescindir inmediatamente el contrato en el caso de que no est\u00e9 conforme con dichas modificaciones.<\/p>\n\t\t\t\t\t\t<\/div>\n\n\t\t\t\t\t<\/li>\n\t\t\t\t                <li class=\"eael-feature-list-item elementor-repeater-item-09ef641\">\n                    \n\t\t\t\t\t\t<div class=\"eael-feature-list-icon-box\">\n\t\t\t\t\t\t\t<div class=\"eael-feature-list-icon-inner\">\n\n\t\t\t\t\t\t\t\t<span class=\"eael-feature-list-icon fl-icon-2\">\n\n\t\t<i aria-hidden=\"true\" class=\"fas fa-check\"><\/i>\t\t\t\t\t\t\t\t<\/span>\n\t\t\t\t\t\t\t<\/div>\n\t\t\t\t\t\t<\/div>\n\t\t\t\t\t\t<div class=\"eael-feature-list-content-box\">\n                            <h2 class=\"eael-feature-list-title\">CL\u00c1USULA 3: RESPONSABILIDAD DE LaLibre Tecnolog\u00edas Comunitarias<\/h2>\t\t\t\t\t\t<p class=\"eael-feature-list-content\">LaLibre Tecnolog\u00edas Comunitarias se compromete a efectuar operaciones de mantenimiento, actualizaci\u00f3n y mejora de la infraestructura. Si dichas intervenciones implican una interrupci\u00f3n temporal del servicio, LaLibre Tecnolog\u00edas Comunitarias se compromete a avisar al CLIENTE.\n\nEn ning\u00fan caso el CLIENTE podr\u00e1 reclamar a LaLibre Tecnolog\u00edas Comunitarias ninguna remuneraci\u00f3n por p\u00e9rdidas directas o indirectas, personales o comerciales, derivadas de esta interrupci\u00f3n.\n\nLaLibre Tecnolog\u00edas Comunitarias no tiene responsabilidad por da\u00f1os en el hardware en ninguno de los servicios ofrecidos.\n\nEn el caso de los servicios \u2018Hosting\u2019, LaLibre Tecnolog\u00edas Comunitarias utilizar\u00e1 todas las garant\u00edas ofrecidas por la empresa propietaria del centro de procesamiento de datos a favor del CLIENTE.\n\nEn ning\u00fan caso el CLIENTE podr\u00e1 reclamar responsabilidad a LaLibre Tecnolog\u00edas Comunitarias en caso de incendio, explosi\u00f3n, fallo de las redes de transmisi\u00f3n, derrumbamiento de las instalaciones, epidemia, terremoto, inundaci\u00f3n, aver\u00eda el\u00e9ctrica, guerra, huelga, boicot o cualquier otra circunstancia de fuerza mayor.\n\nLaLibre Tecnolog\u00edas Comunitarias no es responsable del mal uso de los servicios ofrecidos por parte del CLIENTE, que no tendr\u00e1 derecho a ninguna indemnizaci\u00f3n en el caso de haber actuado con negligencia. LaLibre Tecnolog\u00edas Comunitarias aconseja el cambio de todas las contrase\u00f1as, y no es responsable de la seguridad de las contrase\u00f1as elegidas por el CLIENTE as\u00ed como de su almacenamiento.\n\nLaLibre Tecnolog\u00edas Comunitarias no es responsable de los da\u00f1os provocados por falta, negligencia u omisi\u00f3n de terceros sobre los que LaLibre Tecnolog\u00edas Comunitarias no tiene ning\u00fan poder de control o vigilancia.\n\nEs responsabilidad del CLIENTE tomar todas las medidas necesarias para salvaguardar la integridad de sus datos. LaLibre Tecnolog\u00edas Comunitarias no efect\u00faa y no es responsable de las copias de seguridad de los datos del CLIENTE.\n\nLaLibre Tecnolog\u00edas Comunitarias no es responsable de la destrucci\u00f3n total o parcial de la informaci\u00f3n transmitida o almacenada como consecuencia de errores directa o indirectamente imputables al CLIENTE o a sus colaboradores . En caso de fallo del servicio por falta establecida en contra de LaLibre Tecnolog\u00edas Comunitarias, son expresamente excluidos los da\u00f1os indirectos tal como perjuicio comercial, p\u00e9rdida de pedidos, p\u00e9rdida de beneficios o de clientes.\n\nEn todo caso, la suma de los da\u00f1os e intereses que pudieran ser puestos a cargo de LaLibre Tecnolog\u00edas Comunitarias si su responsabilidad se viera comprometida, estar\u00e1 limitada al monto efectivo pagado por el CLIENTE a LaLibre Tecnolog\u00edas Comunitarias por el periodo considerado o facturado al CLIENTE por LaLibre Tecnolog\u00edas Comunitarias o al monto de las sumas correspondientes al precio de la prestaci\u00f3n por la parte del servicio por la que la responsabilidad de LaLibre Tecnolog\u00edas Comunitarias se ha visto comprometida.<\/p>\n\t\t\t\t\t\t<\/div>\n\n\t\t\t\t\t<\/li>\n\t\t\t\t                <li class=\"eael-feature-list-item elementor-repeater-item-3125a86\">\n                    \n\t\t\t\t\t\t<div class=\"eael-feature-list-icon-box\">\n\t\t\t\t\t\t\t<div class=\"eael-feature-list-icon-inner\">\n\n\t\t\t\t\t\t\t\t<span class=\"eael-feature-list-icon fl-icon-3\">\n\n\t\t<i aria-hidden=\"true\" class=\"fas fa-check\"><\/i>\t\t\t\t\t\t\t\t<\/span>\n\t\t\t\t\t\t\t<\/div>\n\t\t\t\t\t\t<\/div>\n\t\t\t\t\t\t<div class=\"eael-feature-list-content-box\">\n                            <h2 class=\"eael-feature-list-title\">CL\u00c1USULA 4: OBLIGACIONES Y RESPONSABILIDADES DEL CLIENTE<\/h2>\t\t\t\t\t\t<p class=\"eael-feature-list-content\">El CLIENTE se compromete a comunicar a LaLibre Tecnolog\u00edas Comunitarias, al crear su cuenta de cliente y en cada posterior modificaci\u00f3n de la misma, sus datos de contacto exactos y actualizados, para que LaLibre Tecnolog\u00edas Comunitarias pueda establecer un canal de comunicaci\u00f3n con el CLIENTE.\n\nEl CLIENTE es el \u00fanico responsable de las contrase\u00f1as necesarias para la utilizaci\u00f3n de su servicio as\u00ed como de su almacenamiento.\n\nEl CLIENTE deber\u00e1 asumir \u00edntegramente las consecuencias en caso de perdida o robo de sus contrase\u00f1as.\n\nEl CLIENTE es responsable de los contenidos publicados en los servidores contratados, as\u00ed como de las comunicaciones que lleva a cabo a trav\u00e9s de los mismos. Por ello, se compromete a hacer un uso responsable y asume todas las responsabilidades derivadas de sus publicaciones.\n\nEl CLIENTE es responsable de mantener resguardos de su informaci\u00f3n y de los datos almacenados en los servicios contratados a LaLibre Tecnolog\u00edas Comunitarias, es decir de mantener respaldos actualizados ubicados en ubicaciones independientes a los servicios contratados.\n\nEl CLIENTE podr\u00e1 solicitar soporte t\u00e9cnico especializado en casos que as\u00ed lo considere, estos ser\u00e1n facturados por LaLibre Tecnolog\u00edas Comunitarias en base a la complejidad y al tiempo que tome la implementaci\u00f3n y despliegue del mismo.<\/p>\n\t\t\t\t\t\t<\/div>\n\n\t\t\t\t\t<\/li>\n\t\t\t\t                <li class=\"eael-feature-list-item elementor-repeater-item-ce112ae\">\n                    \n\t\t\t\t\t\t<div class=\"eael-feature-list-icon-box\">\n\t\t\t\t\t\t\t<div class=\"eael-feature-list-icon-inner\">\n\n\t\t\t\t\t\t\t\t<span class=\"eael-feature-list-icon fl-icon-4\">\n\n\t\t<i aria-hidden=\"true\" class=\"fas fa-check\"><\/i>\t\t\t\t\t\t\t\t<\/span>\n\t\t\t\t\t\t\t<\/div>\n\t\t\t\t\t\t<\/div>\n\t\t\t\t\t\t<div class=\"eael-feature-list-content-box\">\n                            <h2 class=\"eael-feature-list-title\">CL\u00c1USULA 5: SUSPENSI\u00d3N DEL SERVICIO<\/h2>\t\t\t\t\t\t<p class=\"eael-feature-list-content\">El contrato queda sin efecto a su vencimiento. Puede ser renovado mediante el pago por el CLIENTE del precio correspondiente.\n\nLaLibre Tecnolog\u00edas Comunitarias se compromete a enviar al CLIENTE un m\u00ednimo de dos avisos como recordatorio antes del vencimiento del contrato y un aviso una vez vencido. En caso de falta de respuesta por parte de CLIENTE en el plazo de 7 d\u00edas desde el vencimiento del contrato, LaLibre Tecnolog\u00edas Comunitarias considera resuelto sin efecto el contrato.<\/p>\n\t\t\t\t\t\t<\/div>\n\n\t\t\t\t\t<\/li>\n\t\t\t\t                <li class=\"eael-feature-list-item elementor-repeater-item-aba7e8a\">\n                    \n\t\t\t\t\t\t<div class=\"eael-feature-list-icon-box\">\n\t\t\t\t\t\t\t<div class=\"eael-feature-list-icon-inner\">\n\n\t\t\t\t\t\t\t\t<span class=\"eael-feature-list-icon fl-icon-5\">\n\n\t\t<i aria-hidden=\"true\" class=\"fas fa-check\"><\/i>\t\t\t\t\t\t\t\t<\/span>\n\t\t\t\t\t\t\t<\/div>\n\t\t\t\t\t\t<\/div>\n\t\t\t\t\t\t<div class=\"eael-feature-list-content-box\">\n                            <h2 class=\"eael-feature-list-title\">CL\u00c1USULA 6: DATOS PERSONALES<\/h2>\t\t\t\t\t\t<p class=\"eael-feature-list-content\">Los datos de car\u00e1cter personal, proporcionados para la contrataci\u00f3n de los servidores, ser\u00e1n tratados con el grado de protecci\u00f3n adecuado, tom\u00e1ndose las medidas de seguridad necesarias para evitar su alteraci\u00f3n, p\u00e9rdida, tratamiento o acceso no autorizado por parte de terceros. No se establece en ning\u00fan caso pol\u00edtica alguna de cesi\u00f3n de datos personales a terceros.<\/p>\n\t\t\t\t\t\t<\/div>\n\n\t\t\t\t\t<\/li>\n\t\t\t\t\t\t\t<\/ul>\n\t\t<\/div>\n\t\t\t\t\t\t<\/div>\n\t\t\t\t<\/div>\n\t\t\t\t<div class=\"elementor-element elementor-element-730e777 elementor-align-center elementor-widget elementor-widget-button\" data-id=\"730e777\" data-element_type=\"widget\" data-e-type=\"widget\" data-widget_type=\"button.default\">\n\t\t\t\t<div class=\"elementor-widget-container\">\n\t\t\t\t\t\t\t\t\t<div class=\"elementor-button-wrapper\">\n\t\t\t\t\t<a class=\"elementor-button elementor-button-link elementor-size-sm\" href=\"https:\/\/lalibre.net\/pt\/contactanos\/\" target=\"_blank\">\n\t\t\t\t\t\t<span class=\"elementor-button-content-wrapper\">\n\t\t\t\t\t\t\t\t\t<span class=\"elementor-button-text\">Cont\u00e1ctanos<\/span>\n\t\t\t\t\t<\/span>\n\t\t\t\t\t<\/a>\n\t\t\t\t<\/div>\n\t\t\t\t\t\t\t\t<\/div>\n\t\t\t\t<\/div>\n\t\t\t\t\t<\/div>\n\t\t<\/div>\n\t\t\t\t\t<\/div>\n\t\t<\/section>\n\t\t\t\t<\/div>","protected":false},"excerpt":{"rendered":"<p>Condiciones generales de contrataci\u00f3n de los servicios LaLibre Tecnolog\u00edas Comunitarias Versi\u00f3n del 15\/12\/2021 El siguiente acuerdo regula las condiciones del contrato de prestaci\u00f3n de servicios que se pueden contratar en la web o por otros medios a LaLibre Tecnolog\u00edas Comunitarias y cualquier persona f\u00edsica o jur\u00eddica, particular o profesional (en adelante denominada el CLIENTE) que [&hellip;]<\/p>\n","protected":false},"author":1,"featured_media":0,"parent":0,"menu_order":0,"comment_status":"closed","ping_status":"closed","template":"elementor_header_footer","meta":{"_acf_changed":false,"footnotes":""},"class_list":["post-81","page","type-page","status-publish","hentry"],"acf":[],"yoast_head":"<!-- This site is optimized with the Yoast SEO plugin v27.5 - https:\/\/yoast.com\/product\/yoast-seo-wordpress\/ -->\n<title>T\u00c9RMINOS Y CONDICIONES - LaLibre<\/title>\n<meta name=\"robots\" content=\"index, follow, max-snippet:-1, max-image-preview:large, max-video-preview:-1\" \/>\n<link rel=\"canonical\" href=\"https:\/\/lalibre.net\/pt\/terminos-del-servicio\/\" \/>\n<meta property=\"og:locale\" content=\"pt_BR\" \/>\n<meta property=\"og:type\" content=\"article\" \/>\n<meta property=\"og:title\" content=\"T\u00c9RMINOS Y CONDICIONES - LaLibre\" \/>\n<meta property=\"og:description\" content=\"Condiciones generales de contrataci\u00f3n de los servicios LaLibre Tecnolog\u00edas Comunitarias Versi\u00f3n del 15\/12\/2021 El siguiente acuerdo regula las condiciones del contrato de prestaci\u00f3n de servicios que se pueden contratar en la web o por otros medios a LaLibre Tecnolog\u00edas Comunitarias y cualquier persona f\u00edsica o jur\u00eddica, particular o profesional (en adelante denominada el CLIENTE) que [&hellip;]\" \/>\n<meta property=\"og:url\" content=\"https:\/\/lalibre.net\/pt\/terminos-del-servicio\/\" \/>\n<meta property=\"og:site_name\" content=\"LaLibre\" \/>\n<meta property=\"article:modified_time\" content=\"2023-05-13T15:45:03+00:00\" \/>\n<meta name=\"twitter:card\" content=\"summary_large_image\" \/>\n<meta name=\"twitter:label1\" content=\"Est. tempo de leitura\" \/>\n\t<meta name=\"twitter:data1\" content=\"6 minutos\" \/>\n<script type=\"application\/ld+json\" class=\"yoast-schema-graph\">{\"@context\":\"https:\\\/\\\/schema.org\",\"@graph\":[{\"@type\":\"WebPage\",\"@id\":\"https:\\\/\\\/lalibre.net\\\/terminos-del-servicio\\\/\",\"url\":\"https:\\\/\\\/lalibre.net\\\/terminos-del-servicio\\\/\",\"name\":\"T\u00c9RMINOS Y CONDICIONES - LaLibre\",\"isPartOf\":{\"@id\":\"https:\\\/\\\/lalibre.net\\\/#website\"},\"datePublished\":\"2022-09-27T19:29:01+00:00\",\"dateModified\":\"2023-05-13T15:45:03+00:00\",\"breadcrumb\":{\"@id\":\"https:\\\/\\\/lalibre.net\\\/terminos-del-servicio\\\/#breadcrumb\"},\"inLanguage\":\"pt-BR\",\"potentialAction\":[{\"@type\":\"ReadAction\",\"target\":[\"https:\\\/\\\/lalibre.net\\\/terminos-del-servicio\\\/\"]}]},{\"@type\":\"BreadcrumbList\",\"@id\":\"https:\\\/\\\/lalibre.net\\\/terminos-del-servicio\\\/#breadcrumb\",\"itemListElement\":[{\"@type\":\"ListItem\",\"position\":1,\"name\":\"Portada\",\"item\":\"https:\\\/\\\/lalibre.net\\\/\"},{\"@type\":\"ListItem\",\"position\":2,\"name\":\"T\u00c9RMINOS Y CONDICIONES\"}]},{\"@type\":\"WebSite\",\"@id\":\"https:\\\/\\\/lalibre.net\\\/#website\",\"url\":\"https:\\\/\\\/lalibre.net\\\/\",\"name\":\"LaLibre\",\"description\":\"Tecnolog\u00edas Comunitarias\",\"potentialAction\":[{\"@type\":\"SearchAction\",\"target\":{\"@type\":\"EntryPoint\",\"urlTemplate\":\"https:\\\/\\\/lalibre.net\\\/?s={search_term_string}\"},\"query-input\":{\"@type\":\"PropertyValueSpecification\",\"valueRequired\":true,\"valueName\":\"search_term_string\"}}],\"inLanguage\":\"pt-BR\"}]}<\/script>\n<!-- \/ Yoast SEO plugin. -->","yoast_head_json":{"title":"T\u00c9RMINOS Y CONDICIONES - LaLibre","robots":{"index":"index","follow":"follow","max-snippet":"max-snippet:-1","max-image-preview":"max-image-preview:large","max-video-preview":"max-video-preview:-1"},"canonical":"https:\/\/lalibre.net\/pt\/terminos-del-servicio\/","og_locale":"pt_BR","og_type":"article","og_title":"T\u00c9RMINOS Y CONDICIONES - LaLibre","og_description":"Condiciones generales de contrataci\u00f3n de los servicios LaLibre Tecnolog\u00edas Comunitarias Versi\u00f3n del 15\/12\/2021 El siguiente acuerdo regula las condiciones del contrato de prestaci\u00f3n de servicios que se pueden contratar en la web o por otros medios a LaLibre Tecnolog\u00edas Comunitarias y cualquier persona f\u00edsica o jur\u00eddica, particular o profesional (en adelante denominada el CLIENTE) que [&hellip;]","og_url":"https:\/\/lalibre.net\/pt\/terminos-del-servicio\/","og_site_name":"LaLibre","article_modified_time":"2023-05-13T15:45:03+00:00","twitter_card":"summary_large_image","twitter_misc":{"Est. tempo de leitura":"6 minutos"},"schema":{"@context":"https:\/\/schema.org","@graph":[{"@type":"WebPage","@id":"https:\/\/lalibre.net\/terminos-del-servicio\/","url":"https:\/\/lalibre.net\/terminos-del-servicio\/","name":"T\u00c9RMINOS Y CONDICIONES - LaLibre","isPartOf":{"@id":"https:\/\/lalibre.net\/#website"},"datePublished":"2022-09-27T19:29:01+00:00","dateModified":"2023-05-13T15:45:03+00:00","breadcrumb":{"@id":"https:\/\/lalibre.net\/terminos-del-servicio\/#breadcrumb"},"inLanguage":"pt-BR","potentialAction":[{"@type":"ReadAction","target":["https:\/\/lalibre.net\/terminos-del-servicio\/"]}]},{"@type":"BreadcrumbList","@id":"https:\/\/lalibre.net\/terminos-del-servicio\/#breadcrumb","itemListElement":[{"@type":"ListItem","position":1,"name":"Portada","item":"https:\/\/lalibre.net\/"},{"@type":"ListItem","position":2,"name":"T\u00c9RMINOS Y CONDICIONES"}]},{"@type":"WebSite","@id":"https:\/\/lalibre.net\/#website","url":"https:\/\/lalibre.net\/","name":"LaLibre","description":"Tecnolog\u00edas Comunitarias","potentialAction":[{"@type":"SearchAction","target":{"@type":"EntryPoint","urlTemplate":"https:\/\/lalibre.net\/?s={search_term_string}"},"query-input":{"@type":"PropertyValueSpecification","valueRequired":true,"valueName":"search_term_string"}}],"inLanguage":"pt-BR"}]}},"_links":{"self":[{"href":"https:\/\/lalibre.net\/pt\/wp-json\/wp\/v2\/pages\/81","targetHints":{"allow":["GET"]}}],"collection":[{"href":"https:\/\/lalibre.net\/pt\/wp-json\/wp\/v2\/pages"}],"about":[{"href":"https:\/\/lalibre.net\/pt\/wp-json\/wp\/v2\/types\/page"}],"author":[{"embeddable":true,"href":"https:\/\/lalibre.net\/pt\/wp-json\/wp\/v2\/users\/1"}],"replies":[{"embeddable":true,"href":"https:\/\/lalibre.net\/pt\/wp-json\/wp\/v2\/comments?post=81"}],"version-history":[{"count":46,"href":"https:\/\/lalibre.net\/pt\/wp-json\/wp\/v2\/pages\/81\/revisions"}],"predecessor-version":[{"id":426,"href":"https:\/\/lalibre.net\/pt\/wp-json\/wp\/v2\/pages\/81\/revisions\/426"}],"wp:attachment":[{"href":"https:\/\/lalibre.net\/pt\/wp-json\/wp\/v2\/media?parent=81"}],"curies":[{"name":"wp","href":"https:\/\/api.w.org\/{rel}","templated":true}]}}